{"id":15,"date":"2024-02-03T21:37:14","date_gmt":"2024-02-03T21:37:14","guid":{"rendered":"https:\/\/www.cso2005.org\/?page_id=15"},"modified":"2024-02-03T21:37:47","modified_gmt":"2024-02-03T21:37:47","slug":"i-foro-de-las-organizaciones-de-la-sociedad-civil","status":"publish","type":"page","link":"https:\/\/www.cso2005.org\/index.php\/i-foro-de-las-organizaciones-de-la-sociedad-civil\/","title":{"rendered":"I Foro de las Organizaciones de la Sociedad Civil"},"content":{"rendered":"\n<p>Resumen de los resultados del 1er Foro de la sociedad civil<br>Texto le\u00eddo el 13 de junio de 2017 ante la Conferencia de las Partes<\/p>\n\n\n\n<p>Se\u00f1or Presidente,<br>Se\u00f1oras y se\u00f1ores representantes de las Partes en la Convenci\u00f3n,<br>Queridos colegas,<\/p>\n\n\n\n<p>En nombre de las organizaciones de la sociedad civil que participaron en el primer Foro de la Sociedad Civil, primero queremos agradecer a las Partes y a la Secretar\u00eda por facilitar la creaci\u00f3n de nuevos espacios para que los actores de la sociedad civil se re\u00fanan y mejoren su contribuci\u00f3n al trabajo del \u00f3rganos rectores de la Convenci\u00f3n. Tambi\u00e9n nos gustar\u00eda agradecer la presencia de muchas Partes en nuestra reuni\u00f3n. Esta es una se\u00f1al importante de inter\u00e9s en nuestra acci\u00f3n y una confirmaci\u00f3n del deseo de participar en una asociaci\u00f3n cada vez m\u00e1s activa entre las Partes, la Secretar\u00eda y la sociedad civil en la implementaci\u00f3n de la Convenci\u00f3n, incluso en colaboraci\u00f3n con otros socios estrat\u00e9gicos, por ejemplo de el sector privado y los medios de comunicaci\u00f3n.<\/p>\n\n\n\n<p>M\u00e1s de 40 organizaciones de la sociedad civil estuvieron presentes, muchas de ellas por primera vez, en representaci\u00f3n de diferentes regiones del mundo, as\u00ed como de diferentes sectores de actividad vinculados a la implementaci\u00f3n de la Convenci\u00f3n.<\/p>\n\n\n\n<p>1 El foro ha sido una oportunidad \u00fanica para que miembros de la sociedad civil de todo el mundo se re\u00fanan y:<\/p>\n\n\n\n<ul class=\"wp-block-list\">\n<li>intercambiar informaci\u00f3n sobre sus actividades en relaci\u00f3n con la Convenci\u00f3n de 2005<\/li>\n\n\n\n<li>crear v\u00ednculos entre las actividades existentes en diferentes regiones, particularmente en lo que respecta a la cooperaci\u00f3n Sur-Sur,<\/li>\n\n\n\n<li>intercambio sobre la futura cooperaci\u00f3n entre las OSC en apoyo de la Convenci\u00f3n<\/li>\n\n\n\n<li>compartir su evaluaci\u00f3n de los principales desaf\u00edos relacionados con la implementaci\u00f3n de la Convenci\u00f3n a nivel nacional y mundial, tanto dentro de la propia sociedad civil como con respecto a la gobernanza de la cultura en general<\/li>\n<\/ul>\n\n\n\n<p>2.&nbsp;El Foro tambi\u00e9n permiti\u00f3 a las OSC evaluar el desaf\u00edo que les espera. En particular, el trabajo sobre el primer informe de la CS ser\u00e1 desafiante:<br>el informe tendr\u00e1 que abordar y reflejar la diversidad de la propia sociedad civil en t\u00e9rminos de regiones, actividades sectoriales, prioridades y estructuras organizativas.<br>Nuestro objetivo ser\u00e1 producir un informe inclusivo y respetuoso de nuestra diversidad: esto equilibrar\u00e1 los diferentes puntos de vista de las OSC sobre la convenci\u00f3n y sus \u00e1reas tem\u00e1ticas.<\/p>\n\n\n\n<p>3.&nbsp;Las OSC coinciden en que el Foro es un instrumento indispensable para la contribuci\u00f3n de las OSC al trabajo del Comit\u00e9 IG y la Conferencia de las Partes.<br>Las OSC creen firmemente en el potencial y los beneficios de un di\u00e1logo estructurado entre las OSC, por un lado, y la UNESCO y las Partes, por el otro.<br>La preparaci\u00f3n del Foro bianual y los diferentes resultados como se describi\u00f3 anteriormente implica una importante inversi\u00f3n de tiempo y energ\u00eda por parte del personal de las OSC.<br>Surge la pregunta de c\u00f3mo sustentamos financieramente los aportes y contribuciones de las OSC para garantizar un di\u00e1logo eficiente, inclusivo y transparente con los \u00f3rganos rectores de la Convenci\u00f3n, especialmente dada la diversidad de OSC de todo el mundo.<\/p>\n\n\n\n<p>En los pr\u00f3ximos meses las OSC trabajar\u00e1n juntas para abordar el siguiente punto de su agenda<\/p>\n\n\n\n<p>EJE 1: Elaborar el informe anual de la sociedad civil<br>EJE 2: Contribuir a la definici\u00f3n de un tema de la agenda relacionado con la sociedad civil y participar en la reuni\u00f3n con la Mesa del Comit\u00e9 antes de la sesi\u00f3n (a partir de la 11\u00aa sesi\u00f3n del Comit\u00e9, diciembre de 2017)<br>EJE 3: Proponer modificaciones a los documentos informativos presentados para cada punto del orden del d\u00eda (contribuci\u00f3n al trabajo de los \u00f3rganos de gobierno)<br>EJE 4: ayudar a construir indicadores para medir mejor la participaci\u00f3n y el grado de compromiso de la sociedad civil (con la secretar\u00eda)<br>EJE 5: Apoyar a la Secretar\u00eda en la difusi\u00f3n de informaci\u00f3n sobre las reuniones de los \u00f3rganos rectores de la Convenci\u00f3n para facilitar una participaci\u00f3n m\u00e1s amplia de la sociedad civil en su diversidad y en la consideraci\u00f3n de los temas de la agenda<br>EJE 6: Contribuir a la preparaci\u00f3n de un Foro bienal de la Sociedad Civil<\/p>\n\n\n\n<p>Nos aseguraremos de que este proceso tambi\u00e9n pueda ser \u00fatil en la preparaci\u00f3n del IPC a nivel nacional, involucrando a todas las partes interesadas relevantes.<\/p>\n\n\n\n<p>Nos gustar\u00eda agradecer de antemano a la Secretar\u00eda, las Partes y las comisiones nacionales de la UNESCO por su apoyo para ayudarnos con estas tareas.<\/p>\n","protected":false},"excerpt":{"rendered":"<p>Resumen de los resultados del 1er Foro de la sociedad civilTexto le\u00eddo el 13 de junio de 2017 ante la Conferencia de las Partes Se\u00f1or Presidente,Se\u00f1oras y se\u00f1ores representantes de las Partes en la Convenci\u00f3n,Queridos colegas, En nombre de las organizaciones de la sociedad civil que participaron en el primer Foro de la Sociedad Civil, [&hellip;]<\/p>\n","protected":false},"author":1,"featured_media":0,"parent":0,"menu_order":0,"comment_status":"closed","ping_status":"closed","template":"","meta":{"_joinchat":[],"footnotes":""},"class_list":["post-15","page","type-page","status-publish","hentry"],"_links":{"self":[{"href":"https:\/\/www.cso2005.org\/index.php\/wp-json\/wp\/v2\/pages\/15","targetHints":{"allow":["GET"]}}],"collection":[{"href":"https:\/\/www.cso2005.org\/index.php\/wp-json\/wp\/v2\/pages"}],"about":[{"href":"https:\/\/www.cso2005.org\/index.php\/wp-json\/wp\/v2\/types\/page"}],"author":[{"embeddable":true,"href":"https:\/\/www.cso2005.org\/index.php\/wp-json\/wp\/v2\/users\/1"}],"replies":[{"embeddable":true,"href":"https:\/\/www.cso2005.org\/index.php\/wp-json\/wp\/v2\/comments?post=15"}],"version-history":[{"count":1,"href":"https:\/\/www.cso2005.org\/index.php\/wp-json\/wp\/v2\/pages\/15\/revisions"}],"predecessor-version":[{"id":16,"href":"https:\/\/www.cso2005.org\/index.php\/wp-json\/wp\/v2\/pages\/15\/revisions\/16"}],"wp:attachment":[{"href":"https:\/\/www.cso2005.org\/index.php\/wp-json\/wp\/v2\/media?parent=15"}],"curies":[{"name":"wp","href":"https:\/\/api.w.org\/{rel}","templated":true}]}}